{"id":209,"date":"2019-11-05T13:02:04","date_gmt":"2019-11-05T12:02:04","guid":{"rendered":"http:\/\/kulturfrau.w4f.eu\/wp1\/?page_id=209"},"modified":"2025-02-09T15:27:18","modified_gmt":"2025-02-09T14:27:18","slug":"impressum","status":"publish","type":"page","link":"http:\/\/frau-und-kultur-giessen.w4f.eu\/wordpress\/impressum\/","title":{"rendered":"Impressum"},"content":{"rendered":"\n<div class=\"wp-block-media-text alignwide is-stacked-on-mobile\" style=\"grid-template-columns:17% auto\"><figure class=\"wp-block-media-text__media\"><img loading=\"lazy\" decoding=\"async\" width=\"142\" height=\"84\" src=\"http:\/\/frau-und-kultur-giessen.w4f.eu\/wordpress\/wp-content\/uploads\/2024\/06\/grafik-1.png\" alt=\"\" class=\"wp-image-3864 size-full\"\/><\/figure><div class=\"wp-block-media-text__content\">\n<p class=\"has-medium-font-size\"><strong>Verantwortlich f\u00fcr den Inhalt dieser Webseite sind:<\/strong> <\/p>\n<\/div><\/div>\n\n\n\n<div class=\"wp-block-media-text alignwide is-stacked-on-mobile is-vertically-aligned-top\" style=\"grid-template-columns:17% auto\"><figure class=\"wp-block-media-text__media\"><img decoding=\"async\" src=\"http:\/\/frau-und-kultur-giessen.w4f.eu\/wordpress\/wp-content\/uploads\/2019\/11\/Logo-FuK-f\u00fcr-homepage-seiten-12.png\" alt=\"\" class=\"wp-image-834 size-full\"\/><\/figure><div class=\"wp-block-media-text__content\">\n<p><\/p>\n<\/div><\/div>\n\n\n\n<div class=\"wp-block-columns is-layout-flex wp-container-core-columns-is-layout-9d6595d7 wp-block-columns-is-layout-flex\">\n<div class=\"wp-block-column is-layout-flow wp-block-column-is-layout-flow\">\n<p><strong>1. Vorsitzende:<\/strong>                                                <br>Brigitte Sekula                                                <br>Adalbert-Stifter-Stra\u00dfe 18                      <br>35428 Langg\u00f6ns                                         <br>Telefon: 06403  74851                             <br>eMail: hbts.sekula@t-online.de      <\/p>\n<\/div>\n\n\n\n<div class=\"wp-block-column is-layout-flow wp-block-column-is-layout-flow\">\n<p>    <strong>2. Vorsitzende:<\/strong><br>    Doris Schmieder<br>    Eisenstein 26<br>    35396 Gie\u00dfen<br>    Telefon: 0641 25 092 988<br>    doris@schmieder-giessen.de<\/p>\n<\/div>\n<\/div>\n\n\n\n<div class=\"wp-block-group\"><div class=\"wp-block-group__inner-container is-layout-flow wp-block-group-is-layout-flow\">\n<p><strong>Titel-Foto:<\/strong> privat &#8211; A. Bausch<\/p>\n<\/div><\/div>\n\n\n\n<p><strong>Haftungsbeschr\u00e4nkung f\u00fcr eigene Inhalte<\/strong><br>Alle Inhalte unseres Internetauftritts wurden mit Sorgfalt und nach bestem Gewissen erstellt. Eine Gew\u00e4hr f\u00fcr die Aktualit\u00e4t, Vollst\u00e4ndigkeit und Richtigkeit s\u00e4mtlicher Seiten kann jedoch nicht \u00fcbernommen werden. Gem\u00e4\u00df&nbsp;<a href=\"http:\/\/www.gesetze-im-internet.de\/tmg\/\" target=\"_blank\" rel=\"noreferrer noopener\">\u00a7 7 Abs. 1 TMG<\/a>&nbsp;sind wir als Dienstanbieter f\u00fcr eigene Inhalte auf diesen Seiten nach den allgemeinen Gesetzen verantwortlich, nach den&nbsp;<a href=\"http:\/\/www.gesetze-im-internet.de\/tmg\/\" target=\"_blank\" rel=\"noreferrer noopener\">\u00a7\u00a7 8 bis 10 TMG<\/a>&nbsp;jedoch nicht verpflichtet, die \u00fcbermittelten oder gespeicherten fremden Informationen zu \u00fcberwachen. Eine umgehende Entfernung dieser Inhalte erfolgt ab dem Zeitpunkt der Kenntnis einer konkreten Rechtsverletzung und wir haften nicht vor dem Zeitpunkt der Kenntniserlangung.<\/p>\n\n\n\n<p><strong>Haftungsbeschr\u00e4nkung f\u00fcr externe Links<\/strong><br>Unsere Webseite enth\u00e4lt sog. \u201eexterne Links\u201c (Verkn\u00fcpfungen zu Webseiten Dritter), auf deren Inhalt wir keinen Einfluss haben und f\u00fcr den wir aus diesem Grund keine Gew\u00e4hr \u00fcbernehmen. F\u00fcr die Inhalte und Richtigkeit der Informationen ist der jeweilige Informationsanbieter der verlinkten Webseite verantwortlich. Als die Verlinkung vorgenommen wurde, waren f\u00fcr uns keine Rechtsverst\u00f6\u00dfe erkennbar. Sollte uns eine Rechtsverletzung bekannt werden, wird der jeweilige Link umgehend von uns entfernt.<\/p>\n\n\n\n<p><strong>Urheberrecht<\/strong><br>Die auf dieser Webseite ver\u00f6ffentlichten Inhalte und Werke unterliegen dem deutschen Urheberrecht. Jede Art der Vervielf\u00e4ltigung, Bearbeitung, Verbreitung und jede Art der Verwertung au\u00dferhalb der Grenzen des Urheberrechts bedarf der vorherigen schriftlichen Zustimmung des jeweiligen Urhebers bzw. Autors.  <\/p>\n\n\n\n<p><strong>Alle auf unserer Webseite ver\u00f6ffentlichten Fotos erfolgten mit Zustimmung der abgebildeten Personen.<\/strong> <\/p>\n\n\n\n<p><strong>Alle Fotografien sind eigene Aufnahmen unserer Mitglieder und unterliegen keinem externen Urheberrecht. <\/strong><\/p>\n\n\n\n<p><strong>Datenschutz<\/strong><\/p>\n\n\n\n<p>Die Betreiber dieser Seiten nehmen den Schutz Ihrer pers\u00f6nlichen Daten sehr ernst. Wir behandeln Ihre personenbezogenen Daten vertraulich und entsprechend der gesetzlichen Datenschutzvorschriften sowie dieser Datenschutzerkl\u00e4rung.<\/p>\n\n\n\n<p>Die Nutzung unserer Website ist in der Regel ohne Angabe personenbezogener Daten m\u00f6glich. Soweit auf unseren Seiten personenbezogene Daten (beispielsweise Name, Anschrift oder E-Mail-Adressen) erhoben werden, erfolgt dies, soweit m\u00f6glich, stets auf freiwilliger Basis. Diese Daten werden ohne Ihre ausdr\u00fcckliche Zustimmung nicht an Dritte weitergegeben.<\/p>\n\n\n\n<p>Wir weisen darauf hin, dass die Daten\u00fcbertragung im Internet (z.B. bei der Kommunikation per E-Mail) Sicherheitsl\u00fccken aufweisen kann. Ein l\u00fcckenloser Schutz der Daten vor dem Zugriff durch Dritte ist nicht m\u00f6glich.<\/p>\n\n\n\n<p><strong>Allgemeine Hinweise<\/strong><br>Die folgenden Hinweise geben einen einfachen \u00dcberblick dar\u00fcber, was mit Ihren personenbezogenen Daten passiert, wenn Sie unsere Website besuchen. Personenbezogene Daten sind alle Daten, mit denen Sie pers\u00f6nlich identifiziert werden k\u00f6nnen. Ausf\u00fchrliche Informationen zum Thema Datenschutz entnehmen Sie unserer unter diesem Text aufgef\u00fchrten Datenschutzerkl\u00e4rung.<\/p>\n\n\n\n<p><strong>Datenerfassung auf unserer Website<\/strong><br>Wer ist verantwortlich f\u00fcr die Datenerfassung auf dieser Website? Die Datenverarbeitung auf dieser Website erfolgt durch den Websitebetreiber. Dessen Kontaktdaten k\u00f6nnen Sie dem Impressum dieser Website entnehmen.<\/p>\n\n\n\n<p><strong>Wie erfassen wir Ihre Daten?<\/strong><br>Ihre Daten werden zum einen dadurch erhoben, dass Sie uns diese mitteilen. Hierbei kann es sich z.B. um Daten handeln, die Sie in ein Kontaktformular eingeben. Andere Daten werden automatisch beim Besuch der Website durch unsere IT-Systeme erfasst. Das sind vor allem technische Daten (z.B. Internetbrowser, Betriebssystem oder Uhrzeit des Seitenaufrufs). Die Erfassung dieser Daten erfolgt automatisch, sobald Sie unsere Website betreten.<\/p>\n\n\n\n<p>Wof\u00fcr nutzen wir Ihre Daten?<br>Ein Teil der Daten wird erhoben, um eine fehlerfreie Bereitstellung der Website zu gew\u00e4hrleisten. Andere Daten k\u00f6nnen zur Analyse Ihres Nutzerverhaltens verwendet werden.<\/p>\n\n\n\n<p><strong>Welche Rechte haben Sie bez\u00fcglich Ihrer Daten?<\/strong><br>Sie haben jederzeit das Recht unentgeltlich Auskunft \u00fcber Herkunft, Empf\u00e4nger und Zweck Ihrer gespeicherten personenbezogenen Daten zu erhalten. Sie haben au\u00dferdem ein Recht, die Berichtigung, Sperrung oder L\u00f6schung dieser Daten zu verlangen. Hierzu sowie zu weiteren Fragen zum Thema Datenschutz k\u00f6nnen Sie sich jederzeit unter der im Impressum angegebenen Adresse an uns wenden. Des Weiteren steht Ihnen ein Beschwerderecht bei der zust\u00e4ndigen Aufsichtsbeh\u00f6rde zu.<\/p>\n","protected":false},"excerpt":{"rendered":"<p>Verantwortlich f\u00fcr den Inhalt dieser Webseite sind: 1. Vorsitzende: Brigitte Sekula Adalbert-Stifter-Stra\u00dfe 18 35428 Langg\u00f6ns Telefon: 06403 74851 eMail: hbts.sekula@t-online.de 2. Vorsitzende: Doris Schmieder Eisenstein 26 35396 Gie\u00dfen Telefon: 0641 25 092 988 doris@schmieder-giessen.de Titel-Foto: privat &#8211; A. Bausch Haftungsbeschr\u00e4nkung f\u00fcr eigene InhalteAlle Inhalte unseres Internetauftritts wurden mit Sorgfalt und nach bestem Gewissen erstellt. Eine &hellip; <\/p>\n<p class=\"link-more\"><a href=\"http:\/\/frau-und-kultur-giessen.w4f.eu\/wordpress\/impressum\/\" class=\"more-link\"><span class=\"screen-reader-text\">\u201eImpressum\u201c <\/span>weiterlesen<\/a><\/p>\n","protected":false},"author":1,"featured_media":0,"parent":0,"menu_order":0,"comment_status":"closed","ping_status":"closed","template":"","meta":{"footnotes":""},"class_list":["post-209","page","type-page","status-publish","hentry"],"yoast_head":"<!-- This site is optimized with the Yoast SEO plugin v27.4 - https:\/\/yoast.com\/product\/yoast-seo-wordpress\/ -->\n<title>Impressum | Frau und Kultur<\/title>\n<meta name=\"description\" content=\"Frau und Kultur Gruppe Gie\u00dfen\" \/>\n<meta name=\"robots\" content=\"index, follow, max-snippet:-1, max-image-preview:large, max-video-preview:-1\" \/>\n<link rel=\"canonical\" href=\"http:\/\/frau-und-kultur-giessen.w4f.eu\/wordpress\/impressum\/\" \/>\n<meta property=\"og:locale\" content=\"de_DE\" \/>\n<meta property=\"og:type\" content=\"article\" \/>\n<meta property=\"og:title\" content=\"Impressum | Frau und Kultur\" \/>\n<meta property=\"og:description\" content=\"Frau und Kultur Gruppe Gie\u00dfen\" \/>\n<meta property=\"og:url\" content=\"http:\/\/frau-und-kultur-giessen.w4f.eu\/wordpress\/impressum\/\" \/>\n<meta property=\"og:site_name\" content=\"Frau und Kultur\" \/>\n<meta property=\"article:modified_time\" content=\"2025-02-09T14:27:18+00:00\" \/>\n<meta property=\"og:image\" content=\"http:\/\/frau-und-kultur-giessen.w4f.eu\/wordpress\/wp-content\/uploads\/2024\/06\/grafik-1.png\" \/>\n\t<meta property=\"og:image:width\" content=\"142\" \/>\n\t<meta property=\"og:image:height\" content=\"84\" \/>\n\t<meta property=\"og:image:type\" content=\"image\/png\" \/>\n<meta name=\"twitter:card\" content=\"summary_large_image\" \/>\n<meta name=\"twitter:label1\" content=\"Gesch\u00e4tzte Lesezeit\" \/>\n\t<meta name=\"twitter:data1\" content=\"4\u00a0Minuten\" \/>\n<script type=\"application\/ld+json\" class=\"yoast-schema-graph\">{\"@context\":\"https:\\\/\\\/schema.org\",\"@graph\":[{\"@type\":\"WebPage\",\"@id\":\"http:\\\/\\\/frau-und-kultur-giessen.w4f.eu\\\/wordpress\\\/impressum\\\/\",\"url\":\"http:\\\/\\\/frau-und-kultur-giessen.w4f.eu\\\/wordpress\\\/impressum\\\/\",\"name\":\"Impressum | Frau und Kultur\",\"isPartOf\":{\"@id\":\"http:\\\/\\\/frau-und-kultur-giessen.w4f.eu\\\/wordpress\\\/#website\"},\"primaryImageOfPage\":{\"@id\":\"http:\\\/\\\/frau-und-kultur-giessen.w4f.eu\\\/wordpress\\\/impressum\\\/#primaryimage\"},\"image\":{\"@id\":\"http:\\\/\\\/frau-und-kultur-giessen.w4f.eu\\\/wordpress\\\/impressum\\\/#primaryimage\"},\"thumbnailUrl\":\"http:\\\/\\\/frau-und-kultur-giessen.w4f.eu\\\/wordpress\\\/wp-content\\\/uploads\\\/2024\\\/06\\\/grafik-1.png\",\"datePublished\":\"2019-11-05T12:02:04+00:00\",\"dateModified\":\"2025-02-09T14:27:18+00:00\",\"description\":\"Frau und Kultur Gruppe Gie\u00dfen\",\"breadcrumb\":{\"@id\":\"http:\\\/\\\/frau-und-kultur-giessen.w4f.eu\\\/wordpress\\\/impressum\\\/#breadcrumb\"},\"inLanguage\":\"de\",\"potentialAction\":[{\"@type\":\"ReadAction\",\"target\":[\"http:\\\/\\\/frau-und-kultur-giessen.w4f.eu\\\/wordpress\\\/impressum\\\/\"]}]},{\"@type\":\"ImageObject\",\"inLanguage\":\"de\",\"@id\":\"http:\\\/\\\/frau-und-kultur-giessen.w4f.eu\\\/wordpress\\\/impressum\\\/#primaryimage\",\"url\":\"http:\\\/\\\/frau-und-kultur-giessen.w4f.eu\\\/wordpress\\\/wp-content\\\/uploads\\\/2024\\\/06\\\/grafik-1.png\",\"contentUrl\":\"http:\\\/\\\/frau-und-kultur-giessen.w4f.eu\\\/wordpress\\\/wp-content\\\/uploads\\\/2024\\\/06\\\/grafik-1.png\",\"width\":142,\"height\":84,\"caption\":\"Mitglied kann jede Person werden, seit 2018 somit auch jeder Mann, die die wichtigsten Ziele des Verbandes anerkennt und unterst\u00fctzt.\"},{\"@type\":\"BreadcrumbList\",\"@id\":\"http:\\\/\\\/frau-und-kultur-giessen.w4f.eu\\\/wordpress\\\/impressum\\\/#breadcrumb\",\"itemListElement\":[{\"@type\":\"ListItem\",\"position\":1,\"name\":\"Startseite\",\"item\":\"http:\\\/\\\/frau-und-kultur-giessen.w4f.eu\\\/wordpress\\\/\"},{\"@type\":\"ListItem\",\"position\":2,\"name\":\"Impressum\"}]},{\"@type\":\"WebSite\",\"@id\":\"http:\\\/\\\/frau-und-kultur-giessen.w4f.eu\\\/wordpress\\\/#website\",\"url\":\"http:\\\/\\\/frau-und-kultur-giessen.w4f.eu\\\/wordpress\\\/\",\"name\":\"Deutscher Verband Frau und Kultur\",\"description\":\"Gruppe Gie\u00dfen e.V.\",\"publisher\":{\"@id\":\"http:\\\/\\\/frau-und-kultur-giessen.w4f.eu\\\/wordpress\\\/#organization\"},\"potentialAction\":[{\"@type\":\"SearchAction\",\"target\":{\"@type\":\"EntryPoint\",\"urlTemplate\":\"http:\\\/\\\/frau-und-kultur-giessen.w4f.eu\\\/wordpress\\\/?s={search_term_string}\"},\"query-input\":{\"@type\":\"PropertyValueSpecification\",\"valueRequired\":true,\"valueName\":\"search_term_string\"}}],\"inLanguage\":\"de\"},{\"@type\":\"Organization\",\"@id\":\"http:\\\/\\\/frau-und-kultur-giessen.w4f.eu\\\/wordpress\\\/#organization\",\"name\":\"Frau und Kultur Gie\u00dfen\",\"url\":\"http:\\\/\\\/frau-und-kultur-giessen.w4f.eu\\\/wordpress\\\/\",\"logo\":{\"@type\":\"ImageObject\",\"inLanguage\":\"de\",\"@id\":\"http:\\\/\\\/frau-und-kultur-giessen.w4f.eu\\\/wordpress\\\/#\\\/schema\\\/logo\\\/image\\\/\",\"url\":\"\",\"contentUrl\":\"\",\"caption\":\"Frau und Kultur Gie\u00dfen\"},\"image\":{\"@id\":\"http:\\\/\\\/frau-und-kultur-giessen.w4f.eu\\\/wordpress\\\/#\\\/schema\\\/logo\\\/image\\\/\"}}]}<\/script>\n<!-- \/ Yoast SEO plugin. -->","yoast_head_json":{"title":"Impressum | Frau und Kultur","description":"Frau und Kultur Gruppe Gie\u00dfen","robots":{"index":"index","follow":"follow","max-snippet":"max-snippet:-1","max-image-preview":"max-image-preview:large","max-video-preview":"max-video-preview:-1"},"canonical":"http:\/\/frau-und-kultur-giessen.w4f.eu\/wordpress\/impressum\/","og_locale":"de_DE","og_type":"article","og_title":"Impressum | Frau und Kultur","og_description":"Frau und Kultur Gruppe Gie\u00dfen","og_url":"http:\/\/frau-und-kultur-giessen.w4f.eu\/wordpress\/impressum\/","og_site_name":"Frau und Kultur","article_modified_time":"2025-02-09T14:27:18+00:00","og_image":[{"width":142,"height":84,"url":"http:\/\/frau-und-kultur-giessen.w4f.eu\/wordpress\/wp-content\/uploads\/2024\/06\/grafik-1.png","type":"image\/png"}],"twitter_card":"summary_large_image","twitter_misc":{"Gesch\u00e4tzte Lesezeit":"4\u00a0Minuten"},"schema":{"@context":"https:\/\/schema.org","@graph":[{"@type":"WebPage","@id":"http:\/\/frau-und-kultur-giessen.w4f.eu\/wordpress\/impressum\/","url":"http:\/\/frau-und-kultur-giessen.w4f.eu\/wordpress\/impressum\/","name":"Impressum | Frau und Kultur","isPartOf":{"@id":"http:\/\/frau-und-kultur-giessen.w4f.eu\/wordpress\/#website"},"primaryImageOfPage":{"@id":"http:\/\/frau-und-kultur-giessen.w4f.eu\/wordpress\/impressum\/#primaryimage"},"image":{"@id":"http:\/\/frau-und-kultur-giessen.w4f.eu\/wordpress\/impressum\/#primaryimage"},"thumbnailUrl":"http:\/\/frau-und-kultur-giessen.w4f.eu\/wordpress\/wp-content\/uploads\/2024\/06\/grafik-1.png","datePublished":"2019-11-05T12:02:04+00:00","dateModified":"2025-02-09T14:27:18+00:00","description":"Frau und Kultur Gruppe Gie\u00dfen","breadcrumb":{"@id":"http:\/\/frau-und-kultur-giessen.w4f.eu\/wordpress\/impressum\/#breadcrumb"},"inLanguage":"de","potentialAction":[{"@type":"ReadAction","target":["http:\/\/frau-und-kultur-giessen.w4f.eu\/wordpress\/impressum\/"]}]},{"@type":"ImageObject","inLanguage":"de","@id":"http:\/\/frau-und-kultur-giessen.w4f.eu\/wordpress\/impressum\/#primaryimage","url":"http:\/\/frau-und-kultur-giessen.w4f.eu\/wordpress\/wp-content\/uploads\/2024\/06\/grafik-1.png","contentUrl":"http:\/\/frau-und-kultur-giessen.w4f.eu\/wordpress\/wp-content\/uploads\/2024\/06\/grafik-1.png","width":142,"height":84,"caption":"Mitglied kann jede Person werden, seit 2018 somit auch jeder Mann, die die wichtigsten Ziele des Verbandes anerkennt und unterst\u00fctzt."},{"@type":"BreadcrumbList","@id":"http:\/\/frau-und-kultur-giessen.w4f.eu\/wordpress\/impressum\/#breadcrumb","itemListElement":[{"@type":"ListItem","position":1,"name":"Startseite","item":"http:\/\/frau-und-kultur-giessen.w4f.eu\/wordpress\/"},{"@type":"ListItem","position":2,"name":"Impressum"}]},{"@type":"WebSite","@id":"http:\/\/frau-und-kultur-giessen.w4f.eu\/wordpress\/#website","url":"http:\/\/frau-und-kultur-giessen.w4f.eu\/wordpress\/","name":"Deutscher Verband Frau und Kultur","description":"Gruppe Gie\u00dfen e.V.","publisher":{"@id":"http:\/\/frau-und-kultur-giessen.w4f.eu\/wordpress\/#organization"},"potentialAction":[{"@type":"SearchAction","target":{"@type":"EntryPoint","urlTemplate":"http:\/\/frau-und-kultur-giessen.w4f.eu\/wordpress\/?s={search_term_string}"},"query-input":{"@type":"PropertyValueSpecification","valueRequired":true,"valueName":"search_term_string"}}],"inLanguage":"de"},{"@type":"Organization","@id":"http:\/\/frau-und-kultur-giessen.w4f.eu\/wordpress\/#organization","name":"Frau und Kultur Gie\u00dfen","url":"http:\/\/frau-und-kultur-giessen.w4f.eu\/wordpress\/","logo":{"@type":"ImageObject","inLanguage":"de","@id":"http:\/\/frau-und-kultur-giessen.w4f.eu\/wordpress\/#\/schema\/logo\/image\/","url":"","contentUrl":"","caption":"Frau und Kultur Gie\u00dfen"},"image":{"@id":"http:\/\/frau-und-kultur-giessen.w4f.eu\/wordpress\/#\/schema\/logo\/image\/"}}]}},"_links":{"self":[{"href":"http:\/\/frau-und-kultur-giessen.w4f.eu\/wordpress\/wp-json\/wp\/v2\/pages\/209","targetHints":{"allow":["GET"]}}],"collection":[{"href":"http:\/\/frau-und-kultur-giessen.w4f.eu\/wordpress\/wp-json\/wp\/v2\/pages"}],"about":[{"href":"http:\/\/frau-und-kultur-giessen.w4f.eu\/wordpress\/wp-json\/wp\/v2\/types\/page"}],"author":[{"embeddable":true,"href":"http:\/\/frau-und-kultur-giessen.w4f.eu\/wordpress\/wp-json\/wp\/v2\/users\/1"}],"replies":[{"embeddable":true,"href":"http:\/\/frau-und-kultur-giessen.w4f.eu\/wordpress\/wp-json\/wp\/v2\/comments?post=209"}],"version-history":[{"count":14,"href":"http:\/\/frau-und-kultur-giessen.w4f.eu\/wordpress\/wp-json\/wp\/v2\/pages\/209\/revisions"}],"predecessor-version":[{"id":4188,"href":"http:\/\/frau-und-kultur-giessen.w4f.eu\/wordpress\/wp-json\/wp\/v2\/pages\/209\/revisions\/4188"}],"wp:attachment":[{"href":"http:\/\/frau-und-kultur-giessen.w4f.eu\/wordpress\/wp-json\/wp\/v2\/media?parent=209"}],"curies":[{"name":"wp","href":"https:\/\/api.w.org\/{rel}","templated":true}]}}